{"id":17691,"date":"2025-09-28T12:03:09","date_gmt":"2025-09-28T10:03:09","guid":{"rendered":"https:\/\/filharmoniadladzieci.pl\/sklep\/?post_type=product&#038;p=17691"},"modified":"2026-02-03T11:47:56","modified_gmt":"2026-02-03T10:47:56","slug":"gorale-dla-dzieci-koncert-swiateczny-palac-staszica-warszawa-2025","status":"publish","type":"product","link":"https:\/\/filharmoniadladzieci.pl\/sklep\/produkt\/gorale-dla-dzieci-koncert-swiateczny-palac-staszica-warszawa-2025\/","title":{"rendered":"GORALE DLA DZIECI SOBOTA"},"content":{"rendered":"[vc_row type=&#8221;in_container&#8221; full_screen_row_position=&#8221;middle&#8221; column_margin=&#8221;default&#8221; column_direction=&#8221;default&#8221; column_direction_tablet=&#8221;default&#8221; column_direction_phone=&#8221;default&#8221; scene_position=&#8221;center&#8221; text_color=&#8221;dark&#8221; text_align=&#8221;left&#8221; row_border_radius=&#8221;none&#8221; row_border_radius_applies=&#8221;bg&#8221; overflow=&#8221;visible&#8221; overlay_strength=&#8221;0.3&#8243; gradient_direction=&#8221;left_to_right&#8221; shape_divider_position=&#8221;bottom&#8221; bg_image_animation=&#8221;none&#8221;][vc_column column_padding=&#8221;no-extra-padding&#8221; column_padding_tablet=&#8221;inherit&#8221; column_padding_phone=&#8221;inherit&#8221; column_padding_position=&#8221;all&#8221; column_element_spacing=&#8221;default&#8221; background_color_opacity=&#8221;1&#8243; background_hover_color_opacity=&#8221;1&#8243; column_shadow=&#8221;none&#8221; column_border_radius=&#8221;none&#8221; column_link_target=&#8221;_self&#8221; column_position=&#8221;default&#8221; gradient_direction=&#8221;left_to_right&#8221; overlay_strength=&#8221;0.3&#8243; width=&#8221;1\/1&#8243; tablet_width_inherit=&#8221;default&#8221; tablet_text_alignment=&#8221;default&#8221; phone_text_alignment=&#8221;default&#8221; animation_type=&#8221;default&#8221; bg_image_animation=&#8221;none&#8221; border_type=&#8221;simple&#8221; column_border_width=&#8221;none&#8221; column_border_style=&#8221;solid&#8221;][vc_row_inner column_margin=&#8221;default&#8221; column_direction=&#8221;default&#8221; column_direction_tablet=&#8221;default&#8221; column_direction_phone=&#8221;default&#8221; text_align=&#8221;left&#8221; row_position=&#8221;default&#8221; row_position_tablet=&#8221;inherit&#8221; row_position_phone=&#8221;inherit&#8221; overflow=&#8221;visible&#8221; pointer_events=&#8221;all&#8221;][vc_column_inner column_padding=&#8221;no-extra-padding&#8221; column_padding_tablet=&#8221;inherit&#8221; column_padding_phone=&#8221;inherit&#8221; column_padding_position=&#8221;all&#8221; column_element_spacing=&#8221;default&#8221; background_color_opacity=&#8221;1&#8243; background_hover_color_opacity=&#8221;1&#8243; column_shadow=&#8221;none&#8221; column_border_radius=&#8221;none&#8221; column_link_target=&#8221;_self&#8221; gradient_direction=&#8221;left_to_right&#8221; overlay_strength=&#8221;0.3&#8243; width=&#8221;1\/6&#8243; tablet_width_inherit=&#8221;default&#8221; animation_type=&#8221;default&#8221; bg_image_animation=&#8221;none&#8221; border_type=&#8221;simple&#8221; column_border_width=&#8221;none&#8221; column_border_style=&#8221;solid&#8221;][\/vc_column_inner][vc_column_inner column_padding=&#8221;no-extra-padding&#8221; column_padding_tablet=&#8221;inherit&#8221; column_padding_phone=&#8221;inherit&#8221; column_padding_position=&#8221;all&#8221; column_element_spacing=&#8221;default&#8221; background_color_opacity=&#8221;1&#8243; background_hover_color_opacity=&#8221;1&#8243; column_shadow=&#8221;none&#8221; column_border_radius=&#8221;none&#8221; column_link_target=&#8221;_self&#8221; gradient_direction=&#8221;left_to_right&#8221; overlay_strength=&#8221;0.3&#8243; width=&#8221;2\/3&#8243; tablet_width_inherit=&#8221;default&#8221; animation_type=&#8221;default&#8221; bg_image_animation=&#8221;none&#8221; border_type=&#8221;simple&#8221; column_border_width=&#8221;none&#8221; column_border_style=&#8221;solid&#8221;][vc_column_text el_class=&#8221;hr-heading&#8221; css=&#8221;.vc_custom_1759666509000{padding-top: 20px !important;}&#8221;]\n<h3 style=\"text-align: center;\">Filharmonia dla Dzieci<br \/>\nzaprasza<br \/>\nG\u00d3RALE DLA DZIECI!<br \/>\nKONCERTY \u015aWI\u0104TECZNE<br \/>\nWARSZAWA<\/h3>\n<p style=\"text-align: center;\"><em>wi\u0119cej\u00a0 o nas na<\/em> <a href=\"https:\/\/www.FilharmoniaDlaDzieci.pl\">www.FilharmoniaDlaDzieci.pl<\/a><\/p>\n<p style=\"text-align: center;\"><strong><a href=\"https:\/\/www.instagram.com\/filharmoniadladzieci\/\">ZOBACZ NAS!<\/a><\/strong><\/p>\n<p style=\"text-align: center;\"><strong>Filharmonia dla Dzieci kszta\u0142tuje gusta Dzieci i obycie, wzmacnia kreatywno\u015b\u0107, zaciekawia muzyk\u0105 i sztuk\u0105, dodaje odwagi do wyra\u017cania emocji, i niezwykle du\u017co uczy o muzyce przez zabaw\u0119, blisko\u015b\u0107 muzyki i instrument\u00f3w.<\/strong><\/p>\n<p style=\"text-align: center;\"><strong>Dla wszystkich Dzieci &#8211; Obrazkowe Programy Koncertowe, aby Dzieci poprzez kolorowanki i zagadki utrwala\u0142y muzyczne odkrycia z Wami\u00a0 w domu.<\/strong><\/p>\n<p style=\"text-align: center;\">Je\u015bli jeszcze u nas nie byli\u015bcie -koniecznie do\u0142\u0105czcie! \ud83d\ude42<br \/>\nOdwiedzi\u0142o nas ju\u017c blisko 200tys ma\u0142ych i du\u017cych widz\u00f3w!<br \/>\nPodaruj sobie i Dziecku wspania\u0142e wsp\u00f3lne chwile, z muzyk\u0105, bez kom\u00f3rek, tylko tu i teraz\u2665\u263a<\/p>\n<p style=\"text-align: center;\">Mamy znakomite przygotowanie artystyczne i pedagogiczne (<a href=\"https:\/\/filharmoniadladzieci.pl\/o-fundacji\/anna-szarek\/\"><strong>sprawd\u017a<\/strong><\/a>) kilkadziesi\u0105t lat do\u015bwiadcze\u0144 i tysi\u0105ce fan\u00f3w. Dzielimy si\u0119 z Pa\u0144stwem i dzie\u0107mi artystyczn\u0105 wiedz\u0105 i zachwytami nad najlepszymi melodiami na \u015bwiecie \ud83d\ude42<\/p>\n<p style=\"text-align: center;\">Koncerty Filharmonii dla Dzieci to <strong>rado\u015b\u0107 i muzyczne zachwyty dla ma\u0142ych i du\u017cych s\u0142uchaczy<\/strong>!<\/p>\n<p class=\"has-text-align-center\" style=\"text-align: center;\"><strong>Do\u0142\u0105czcie do nas &#8211; do \u015bwiata artystycznych bywalc\u00f3w i wielkich odkry\u0107!<\/strong><\/p>\n<p style=\"text-align: center;\"><strong>KONCERTY<br \/>\nNiedziela.13-14. grudnia <\/strong><strong>2025<\/strong><br \/>\n<strong>g.11:00<\/strong>\u00a0 Rodzice i dzieci 2-7<br \/>\n<strong>g.13:00<\/strong> Rodzice i Dzieci 2-7<br \/>\n<strong>g.15:00<\/strong> Rodzice i Dzieci <strong>4-12 (wy\u017cszy poziom:)<br \/>\ng.17:00 <\/strong>Rodzice i Dzieci 2-102 \ud83d\ude42<\/p>\n<div class=\"cxmmr5t8 oygrvhab hcukyx3x c1et5uql o9v6fnle\" style=\"text-align: center;\">\n<p>Nasza Sala:<br \/>\nPA\u0141AC STASZICA, Sala Lustrzana<br \/>\nNowy \u015awiat 72 Warszawa<\/p>\n<\/div>\n[\/vc_column_text][\/vc_column_inner][vc_column_inner column_padding=&#8221;no-extra-padding&#8221; column_padding_tablet=&#8221;inherit&#8221; column_padding_phone=&#8221;inherit&#8221; column_padding_position=&#8221;all&#8221; column_element_spacing=&#8221;default&#8221; background_color_opacity=&#8221;1&#8243; background_hover_color_opacity=&#8221;1&#8243; column_shadow=&#8221;none&#8221; column_border_radius=&#8221;none&#8221; column_link_target=&#8221;_self&#8221; gradient_direction=&#8221;left_to_right&#8221; overlay_strength=&#8221;0.3&#8243; width=&#8221;1\/6&#8243; tablet_width_inherit=&#8221;default&#8221; animation_type=&#8221;default&#8221; bg_image_animation=&#8221;none&#8221; border_type=&#8221;simple&#8221; column_border_width=&#8221;none&#8221; column_border_style=&#8221;solid&#8221;][\/vc_column_inner][\/vc_row_inner][vc_row_inner column_margin=&#8221;default&#8221; column_direction=&#8221;default&#8221; column_direction_tablet=&#8221;default&#8221; column_direction_phone=&#8221;default&#8221; text_align=&#8221;left&#8221; row_position=&#8221;default&#8221; row_position_tablet=&#8221;inherit&#8221; row_position_phone=&#8221;inherit&#8221; overflow=&#8221;visible&#8221; pointer_events=&#8221;all&#8221;][vc_column_inner column_padding=&#8221;no-extra-padding&#8221; column_padding_tablet=&#8221;inherit&#8221; column_padding_phone=&#8221;inherit&#8221; column_padding_position=&#8221;all&#8221; column_element_spacing=&#8221;default&#8221; background_color_opacity=&#8221;1&#8243; background_hover_color_opacity=&#8221;1&#8243; column_shadow=&#8221;none&#8221; column_border_radius=&#8221;none&#8221; column_link_target=&#8221;_self&#8221; gradient_direction=&#8221;left_to_right&#8221; overlay_strength=&#8221;0.3&#8243; width=&#8221;1\/6&#8243; tablet_width_inherit=&#8221;default&#8221; animation_type=&#8221;default&#8221; bg_image_animation=&#8221;none&#8221; border_type=&#8221;simple&#8221; column_border_width=&#8221;none&#8221; column_border_style=&#8221;solid&#8221;][\/vc_column_inner][vc_column_inner column_padding=&#8221;no-extra-padding&#8221; column_padding_tablet=&#8221;inherit&#8221; column_padding_phone=&#8221;inherit&#8221; column_padding_position=&#8221;all&#8221; column_element_spacing=&#8221;default&#8221; background_color_opacity=&#8221;1&#8243; background_hover_color_opacity=&#8221;1&#8243; column_shadow=&#8221;none&#8221; column_border_radius=&#8221;none&#8221; column_link_target=&#8221;_self&#8221; gradient_direction=&#8221;left_to_right&#8221; overlay_strength=&#8221;0.3&#8243; width=&#8221;2\/3&#8243; tablet_width_inherit=&#8221;default&#8221; animation_type=&#8221;default&#8221; bg_image_animation=&#8221;none&#8221; border_type=&#8221;simple&#8221; column_border_width=&#8221;none&#8221; column_border_style=&#8221;solid&#8221;][vc_column_text el_class=&#8221;hr-heading&#8221; css=&#8221;.vc_custom_1708962039623{padding-top: 20px !important;}&#8221;]\n<h3 style=\"text-align: center;\">JAK JEST NA KONCERCIE<\/h3>\n<p style=\"text-align: center;\">Dzieci i Rodzice siedz\u0105 <strong>razem na krzes\u0142ach lub na poduszkach<\/strong>. Muzyka jest blisko, a wraz z ni\u0105 jest zawsze du\u017co zabawy i duuu\u017co wiedzy! Zaprzyja\u017aniamy Dzieci z najlepsz\u0105 muzyk\u0105, <strong>\u015bwiadomie dobieramy repertuar, uczymy smakowa\u0107 sztuk\u0119.<\/strong> Rozwijamy Dzieci muzycznie, uczymy o muzyce, \u0107wiczymy wyobra\u017ani\u0119 i koncentracj\u0119, oraz koncertowe zachowania, a wszystko to w\u015br\u00f3d u\u015bmiech\u00f3w. <strong>Jest du\u017co rado\u015bci, swobody, elegancji, muzyczne odkrycia<\/strong> i najpi\u0119kniejszy warszawski widok z okna:)<br \/>\nOdwiedzi\u0142o nas ju\u017c\u00a0 150tys widz\u00f3w!!Do\u0142\u0105cz do nas! Zapraszamy!<\/p>\n<p style=\"text-align: center;\">Koncert trwa godzin\u0119. Miejsca nie s\u0105 numerowane. Krzes\u0142a oraz czerwony dywan s\u0105 zar\u00f3wno dla Dzieci jak i Rodzic\u00f3w. <strong>Sal\u0119 otwieramy 20 min przed koncertem.<\/strong> Po koncercie spotykamy si\u0119 przy scenie na ogl\u0105danie instrument\u00f3w!! Przed ka\u017cdym koncertem sala jest sprz\u0105tana i wietrzona dla komfortu wszystkich uczestnik\u00f3w \ud83d\ude42<br \/>\n<strong>Przypominamy, i\u017c Bilet nale\u017cy zakupi\u0107 dla wszystkich uczestnik\u00f3w koncertu.<\/strong><\/p>\n[\/vc_column_text][\/vc_column_inner][vc_column_inner column_padding=&#8221;no-extra-padding&#8221; column_padding_tablet=&#8221;inherit&#8221; column_padding_phone=&#8221;inherit&#8221; column_padding_position=&#8221;all&#8221; column_element_spacing=&#8221;default&#8221; background_color_opacity=&#8221;1&#8243; background_hover_color_opacity=&#8221;1&#8243; column_shadow=&#8221;none&#8221; column_border_radius=&#8221;none&#8221; column_link_target=&#8221;_self&#8221; gradient_direction=&#8221;left_to_right&#8221; overlay_strength=&#8221;0.3&#8243; width=&#8221;1\/6&#8243; tablet_width_inherit=&#8221;default&#8221; animation_type=&#8221;default&#8221; bg_image_animation=&#8221;none&#8221; border_type=&#8221;simple&#8221; column_border_width=&#8221;none&#8221; column_border_style=&#8221;solid&#8221;][\/vc_column_inner][\/vc_row_inner][vc_row_inner column_margin=&#8221;default&#8221; column_direction=&#8221;default&#8221; column_direction_tablet=&#8221;default&#8221; column_direction_phone=&#8221;default&#8221; text_align=&#8221;left&#8221; row_position=&#8221;default&#8221; row_position_tablet=&#8221;inherit&#8221; row_position_phone=&#8221;inherit&#8221; overflow=&#8221;visible&#8221; pointer_events=&#8221;all&#8221;][vc_column_inner column_padding=&#8221;no-extra-padding&#8221; column_padding_tablet=&#8221;inherit&#8221; column_padding_phone=&#8221;inherit&#8221; column_padding_position=&#8221;all&#8221; column_element_spacing=&#8221;default&#8221; background_color_opacity=&#8221;1&#8243; background_hover_color_opacity=&#8221;1&#8243; column_shadow=&#8221;none&#8221; column_border_radius=&#8221;none&#8221; column_link_target=&#8221;_self&#8221; gradient_direction=&#8221;left_to_right&#8221; overlay_strength=&#8221;0.3&#8243; width=&#8221;1\/6&#8243; tablet_width_inherit=&#8221;default&#8221; animation_type=&#8221;default&#8221; bg_image_animation=&#8221;none&#8221; border_type=&#8221;simple&#8221; column_border_width=&#8221;none&#8221; column_border_style=&#8221;solid&#8221;][\/vc_column_inner][vc_column_inner column_padding=&#8221;no-extra-padding&#8221; column_padding_tablet=&#8221;inherit&#8221; column_padding_phone=&#8221;inherit&#8221; column_padding_position=&#8221;all&#8221; column_element_spacing=&#8221;default&#8221; background_color_opacity=&#8221;1&#8243; background_hover_color_opacity=&#8221;1&#8243; column_shadow=&#8221;none&#8221; column_border_radius=&#8221;none&#8221; column_link_target=&#8221;_self&#8221; gradient_direction=&#8221;left_to_right&#8221; overlay_strength=&#8221;0.3&#8243; width=&#8221;2\/3&#8243; tablet_width_inherit=&#8221;default&#8221; animation_type=&#8221;default&#8221; bg_image_animation=&#8221;none&#8221; border_type=&#8221;simple&#8221; column_border_width=&#8221;none&#8221; column_border_style=&#8221;solid&#8221;][vc_column_text el_class=&#8221;hr-heading&#8221; css=&#8221;.vc_custom_1708962086893{padding-top: 20px !important;}&#8221;]\n<h3 style=\"text-align: center;\">POZNAWANIE &#8211; ODKRYWANIE &#8211; MUZYKA I ZABAWA<\/h3>\n<p style=\"text-align: center;\">Wybieramy najlepsz\u0105 muzyk\u0119 z wielu gatunk\u00f3w, aby poszerza\u0107 dzieci\u0119ce horyzonty! i zapraszamy znakomitych artyst\u00f3w, aby wspiera\u0107 dobry dzieci\u0119cy gust:) Podczas muzyki <strong>pomagamy s\u0142ucha\u0107 i odkrywa\u0107 cechy muzyki<\/strong>, anga\u017cujemy dzieci w muzyczne zabawy, zgadywanki, poznawanie melodii \ud83d\ude42 Dodajemy kilka w\u0142oskich s\u0142\u00f3w i\u00a0 cudowne ksi\u0105\u017ceczki koncertowe dla wszystkich dzieci \u2013 przez zabaw\u0119 m\u00f3wi\u0105ce o muzyce i s\u0142awnym malarstwie. <strong>Odkrywamy tajemnice, pobudzamy do samodzielnych odkry\u0107 &#8211; szeroki, swobodny rozw\u00f3j Dzieci &#8211; to nasza wieeelka pasja!<\/strong><\/p>\n[\/vc_column_text][\/vc_column_inner][vc_column_inner column_padding=&#8221;no-extra-padding&#8221; column_padding_tablet=&#8221;inherit&#8221; column_padding_phone=&#8221;inherit&#8221; column_padding_position=&#8221;all&#8221; column_element_spacing=&#8221;default&#8221; background_color_opacity=&#8221;1&#8243; background_hover_color_opacity=&#8221;1&#8243; column_shadow=&#8221;none&#8221; column_border_radius=&#8221;none&#8221; column_link_target=&#8221;_self&#8221; gradient_direction=&#8221;left_to_right&#8221; overlay_strength=&#8221;0.3&#8243; width=&#8221;1\/6&#8243; tablet_width_inherit=&#8221;default&#8221; animation_type=&#8221;default&#8221; bg_image_animation=&#8221;none&#8221; border_type=&#8221;simple&#8221; column_border_width=&#8221;none&#8221; column_border_style=&#8221;solid&#8221;][\/vc_column_inner][\/vc_row_inner][vc_row_inner column_margin=&#8221;default&#8221; column_direction=&#8221;default&#8221; column_direction_tablet=&#8221;default&#8221; column_direction_phone=&#8221;default&#8221; text_align=&#8221;left&#8221; row_position=&#8221;default&#8221; row_position_tablet=&#8221;inherit&#8221; row_position_phone=&#8221;inherit&#8221; overflow=&#8221;visible&#8221; pointer_events=&#8221;all&#8221;][vc_column_inner column_padding=&#8221;no-extra-padding&#8221; column_padding_tablet=&#8221;inherit&#8221; column_padding_phone=&#8221;inherit&#8221; column_padding_position=&#8221;all&#8221; column_element_spacing=&#8221;default&#8221; background_color_opacity=&#8221;1&#8243; background_hover_color_opacity=&#8221;1&#8243; column_shadow=&#8221;none&#8221; column_border_radius=&#8221;none&#8221; column_link_target=&#8221;_self&#8221; gradient_direction=&#8221;left_to_right&#8221; overlay_strength=&#8221;0.3&#8243; width=&#8221;1\/6&#8243; tablet_width_inherit=&#8221;default&#8221; animation_type=&#8221;default&#8221; bg_image_animation=&#8221;none&#8221; border_type=&#8221;simple&#8221; column_border_width=&#8221;none&#8221; column_border_style=&#8221;solid&#8221;][\/vc_column_inner][vc_column_inner column_padding=&#8221;no-extra-padding&#8221; column_padding_tablet=&#8221;inherit&#8221; column_padding_phone=&#8221;inherit&#8221; column_padding_position=&#8221;all&#8221; column_element_spacing=&#8221;default&#8221; background_color_opacity=&#8221;1&#8243; background_hover_color_opacity=&#8221;1&#8243; column_shadow=&#8221;none&#8221; column_border_radius=&#8221;none&#8221; column_link_target=&#8221;_self&#8221; gradient_direction=&#8221;left_to_right&#8221; overlay_strength=&#8221;0.3&#8243; width=&#8221;2\/3&#8243; tablet_width_inherit=&#8221;default&#8221; animation_type=&#8221;default&#8221; bg_image_animation=&#8221;none&#8221; border_type=&#8221;simple&#8221; column_border_width=&#8221;none&#8221; column_border_style=&#8221;solid&#8221;][vc_column_text el_class=&#8221;hr-heading&#8221; css=&#8221;.vc_custom_1669926924904{padding-top: 20px !important;}&#8221;]\n<h3 style=\"text-align: center;\">KSI\u0104\u017bECZKI KONCERTOWE<br \/>\nWspania\u0142a artystyczna edukacja w Waszych r\u0119kach<\/h3>\n<p style=\"text-align: center;\">Tradycj\u0105 jest, \u017ce wszystkie Dzieci otrzymuj\u0105 ksi\u0105\u017ceczki koncertowe z obrazkami, zagadkami i wiedz\u0105, aby w zabawie utrwala\u0142y muzyczne odkrycia i inspiracje w domu. Od 2022r wprowadzamy dzieci r\u00f3wnie\u017c w s\u0142awne malarstwo. Dzieci pozna\u0142y ju\u017c Van Gogha, Leonarda da Vinci, Vermeera, Rafaela i Renoira, aby od ma\u0142ego wzrasta\u0142y w obecno\u015bci najpi\u0119kniejszych dzie\u0142 \u015bwiata.<\/p>\n[\/vc_column_text][\/vc_column_inner][vc_column_inner column_padding=&#8221;no-extra-padding&#8221; column_padding_tablet=&#8221;inherit&#8221; column_padding_phone=&#8221;inherit&#8221; column_padding_position=&#8221;all&#8221; column_element_spacing=&#8221;default&#8221; background_color_opacity=&#8221;1&#8243; background_hover_color_opacity=&#8221;1&#8243; column_shadow=&#8221;none&#8221; column_border_radius=&#8221;none&#8221; column_link_target=&#8221;_self&#8221; gradient_direction=&#8221;left_to_right&#8221; overlay_strength=&#8221;0.3&#8243; width=&#8221;1\/6&#8243; tablet_width_inherit=&#8221;default&#8221; animation_type=&#8221;default&#8221; bg_image_animation=&#8221;none&#8221; border_type=&#8221;simple&#8221; column_border_width=&#8221;none&#8221; column_border_style=&#8221;solid&#8221;][\/vc_column_inner][\/vc_row_inner][vc_row_inner column_margin=&#8221;default&#8221; column_direction=&#8221;default&#8221; column_direction_tablet=&#8221;default&#8221; column_direction_phone=&#8221;default&#8221; text_align=&#8221;left&#8221; row_position=&#8221;default&#8221; row_position_tablet=&#8221;inherit&#8221; row_position_phone=&#8221;inherit&#8221; overflow=&#8221;visible&#8221; pointer_events=&#8221;all&#8221;][vc_column_inner column_padding=&#8221;no-extra-padding&#8221; column_padding_tablet=&#8221;inherit&#8221; column_padding_phone=&#8221;inherit&#8221; column_padding_position=&#8221;all&#8221; column_element_spacing=&#8221;default&#8221; background_color_opacity=&#8221;1&#8243; background_hover_color_opacity=&#8221;1&#8243; column_shadow=&#8221;none&#8221; column_border_radius=&#8221;none&#8221; column_link_target=&#8221;_self&#8221; gradient_direction=&#8221;left_to_right&#8221; overlay_strength=&#8221;0.3&#8243; width=&#8221;1\/6&#8243; tablet_width_inherit=&#8221;default&#8221; animation_type=&#8221;default&#8221; bg_image_animation=&#8221;none&#8221; border_type=&#8221;simple&#8221; column_border_width=&#8221;none&#8221; column_border_style=&#8221;solid&#8221;][\/vc_column_inner][vc_column_inner column_padding=&#8221;no-extra-padding&#8221; column_padding_tablet=&#8221;inherit&#8221; column_padding_phone=&#8221;inherit&#8221; column_padding_position=&#8221;all&#8221; column_element_spacing=&#8221;default&#8221; background_color_opacity=&#8221;1&#8243; background_hover_color_opacity=&#8221;1&#8243; column_shadow=&#8221;none&#8221; column_border_radius=&#8221;none&#8221; column_link_target=&#8221;_self&#8221; gradient_direction=&#8221;left_to_right&#8221; overlay_strength=&#8221;0.3&#8243; width=&#8221;2\/3&#8243; tablet_width_inherit=&#8221;default&#8221; animation_type=&#8221;default&#8221; bg_image_animation=&#8221;none&#8221; border_type=&#8221;simple&#8221; column_border_width=&#8221;none&#8221; column_border_style=&#8221;solid&#8221;][vc_column_text el_class=&#8221;hr-heading&#8221; css=&#8221;.vc_custom_1708964242153{padding-top: 20px !important;}&#8221;]\n<h3 style=\"text-align: center;\">KTO STWORZY\u0141 FILHARMONI\u0118 DLA DZIECI<\/h3>\n<p style=\"text-align: center;\">Koncerty stworzy\u0142a i prowadzi Anna Szarek, artystka i pedagog, wiolonczelistka, <strong>jedyna na \u015bwiecie dwukrotna zwyci\u0119\u017cczyni Mi\u0119dzynarodowego Konkursu im.Pendereckiego<\/strong>, koncertowa\u0142a w niemal wszystkich krajach Europy i USA. Zdobywa\u0142a nagrody w klasyce, ale <strong>wyst\u0119powa\u0142a te\u017c z Kanye Westem,<\/strong> Leszkiem Mo\u017cd\u017cerem, Helen\u0105 Vondrackov\u0105, Demisem Roussosem i wieloma gwiazdami polskiej piosenki. <strong>Wyr\u00f3\u017cniona odznaczeniem Zas\u0142u\u017cony dla Kultury Polskiej, Certyfikatem Dobroczynno\u015bci Fundacji Dzieciom \u201cZd\u0105\u017cy\u0107 z pomoc\u0105\u201d<\/strong>, oraz innymi nagrodami. Mi\u0142o\u015bniczka muzyki, sztuki, podr\u00f3\u017cy, ogrod\u00f3w i ksi\u0105\u017cek, a dla Dzieci \u2013 kochana Pani Ania.<br \/>\nW ci\u0105gu minionej dekady zorganizowa\u0142a w Polsce kilkaset koncert\u00f3w, kt\u00f3re odwiedzi\u0142o ponad 200tys ludzi. Jest tw\u00f3rczyni\u0105 i wieloletnim dyrektorem Mi\u0119dzynarodowego Festiwalu Per\u0142a Baroku, oraz Filharmonii dla Dzieci.<br \/>\nRodzice pisz\u0105: \u201cTo wielkie szcz\u0119\u015bcie gdy dziecko mo\u017ce spotka\u0107 j\u0105 na drodze swojego rozwoju\u201d.<br \/>\nDowiedz si\u0119 wi\u0119cej: <a href=\"https:\/\/pl.wikipedia.org\/wiki\/Anna_Szarek_(wiolonczelistka)\">wikipedia<\/a><\/p>\n[\/vc_column_text][\/vc_column_inner][vc_column_inner column_padding=&#8221;no-extra-padding&#8221; column_padding_tablet=&#8221;inherit&#8221; column_padding_phone=&#8221;inherit&#8221; column_padding_position=&#8221;all&#8221; column_element_spacing=&#8221;default&#8221; background_color_opacity=&#8221;1&#8243; background_hover_color_opacity=&#8221;1&#8243; column_shadow=&#8221;none&#8221; column_border_radius=&#8221;none&#8221; column_link_target=&#8221;_self&#8221; gradient_direction=&#8221;left_to_right&#8221; overlay_strength=&#8221;0.3&#8243; width=&#8221;1\/6&#8243; tablet_width_inherit=&#8221;default&#8221; animation_type=&#8221;default&#8221; bg_image_animation=&#8221;none&#8221; border_type=&#8221;simple&#8221; column_border_width=&#8221;none&#8221; column_border_style=&#8221;solid&#8221;][\/vc_column_inner][\/vc_row_inner][vc_row_inner column_margin=&#8221;default&#8221; column_direction=&#8221;default&#8221; column_direction_tablet=&#8221;default&#8221; column_direction_phone=&#8221;default&#8221; text_align=&#8221;left&#8221; row_position=&#8221;default&#8221; row_position_tablet=&#8221;inherit&#8221; row_position_phone=&#8221;inherit&#8221; overflow=&#8221;visible&#8221; pointer_events=&#8221;all&#8221;][vc_column_inner column_padding=&#8221;no-extra-padding&#8221; column_padding_tablet=&#8221;inherit&#8221; column_padding_phone=&#8221;inherit&#8221; column_padding_position=&#8221;all&#8221; column_element_spacing=&#8221;default&#8221; background_color_opacity=&#8221;1&#8243; background_hover_color_opacity=&#8221;1&#8243; column_shadow=&#8221;none&#8221; column_border_radius=&#8221;none&#8221; column_link_target=&#8221;_self&#8221; gradient_direction=&#8221;left_to_right&#8221; overlay_strength=&#8221;0.3&#8243; width=&#8221;1\/6&#8243; tablet_width_inherit=&#8221;default&#8221; animation_type=&#8221;default&#8221; bg_image_animation=&#8221;none&#8221; border_type=&#8221;simple&#8221; column_border_width=&#8221;none&#8221; column_border_style=&#8221;solid&#8221;][\/vc_column_inner][vc_column_inner column_padding=&#8221;no-extra-padding&#8221; column_padding_tablet=&#8221;inherit&#8221; column_padding_phone=&#8221;inherit&#8221; column_padding_position=&#8221;all&#8221; column_element_spacing=&#8221;default&#8221; background_color_opacity=&#8221;1&#8243; background_hover_color_opacity=&#8221;1&#8243; column_shadow=&#8221;none&#8221; column_border_radius=&#8221;none&#8221; column_link_target=&#8221;_self&#8221; gradient_direction=&#8221;left_to_right&#8221; overlay_strength=&#8221;0.3&#8243; width=&#8221;2\/3&#8243; tablet_width_inherit=&#8221;default&#8221; animation_type=&#8221;default&#8221; bg_image_animation=&#8221;none&#8221; border_type=&#8221;simple&#8221; column_border_width=&#8221;none&#8221; column_border_style=&#8221;solid&#8221;][vc_column_text el_class=&#8221;hr-heading&#8221; css=&#8221;.vc_custom_1706004558748{padding-top: 20px !important;}&#8221;]\n<h3 style=\"text-align: center;\">ZASADY UCZESTNICTWA<\/h3>\n<p style=\"text-align: center;\"><strong>Zasady og\u00f3lne:<\/strong><\/p>\n<p style=\"text-align: center;\">1. Dla ka\u017cdego S\u0142uchacza (dziecko i doros\u0142y) nale\u017cy wykupi\u0107 bilet. Bilety nie wymagaj\u0105 wydruku, przy wej\u015bciu na sal\u0119 wystarczy poda\u0107 nr rezerwacji i nazwisko.<br \/>\n2. Dzieci mog\u0105 wzi\u0105\u0107 udzia\u0142 w koncercie jedynie pod opiek\u0105 osoby doros\u0142ej. Rekomendujemy koncerty dla\u00a0 Dzieci od 2 roku \u017cycia. Wi\u0119kszo\u015b\u0107 naszych bywalc\u00f3w to dzieci w wieku 2-12 lat, oraz rodzice i dziadkowie.<br \/>\n3. Obowi\u0105zuje ZAKAZ nagrywania koncert\u00f3w (ochrona praw autorskich),\u00a0 mog\u0105 Pa\u0144stwo nagrywa\u0107 swoje dzieci i robi\u0107 zdj\u0119cia.<br \/>\n4. Obowi\u0105zuje Regulamin Koncert\u00f3w, kt\u00f3ry jest dost\u0119pny w procesie zakup\u00f3w.<\/p>\n<p style=\"text-align: center;\"><strong>BIURO WIDZA<\/strong> ch\u0119tnie odpowie na wszystkie pytania:<br \/>\ntel 737-169-961 (pon-pt 10-16)<br \/>\n<a href=\"mailto:warszawa-bilety@FilharmoniaDlaDzieci.pl\">warszawa-bilety@FilharmoniaDlaDzieci.pl<\/a><\/p>\n[\/vc_column_text][\/vc_column_inner][vc_column_inner column_padding=&#8221;no-extra-padding&#8221; column_padding_tablet=&#8221;inherit&#8221; column_padding_phone=&#8221;inherit&#8221; column_padding_position=&#8221;all&#8221; column_element_spacing=&#8221;default&#8221; background_color_opacity=&#8221;1&#8243; background_hover_color_opacity=&#8221;1&#8243; column_shadow=&#8221;none&#8221; column_border_radius=&#8221;none&#8221; column_link_target=&#8221;_self&#8221; gradient_direction=&#8221;left_to_right&#8221; overlay_strength=&#8221;0.3&#8243; width=&#8221;1\/6&#8243; tablet_width_inherit=&#8221;default&#8221; animation_type=&#8221;default&#8221; bg_image_animation=&#8221;none&#8221; border_type=&#8221;simple&#8221; column_border_width=&#8221;none&#8221; column_border_style=&#8221;solid&#8221;][\/vc_column_inner][\/vc_row_inner][vc_row_inner column_margin=&#8221;default&#8221; column_direction=&#8221;default&#8221; column_direction_tablet=&#8221;default&#8221; column_direction_phone=&#8221;default&#8221; text_align=&#8221;left&#8221; row_position=&#8221;default&#8221; row_position_tablet=&#8221;inherit&#8221; row_position_phone=&#8221;inherit&#8221; overflow=&#8221;visible&#8221; pointer_events=&#8221;all&#8221;][vc_column_inner column_padding=&#8221;no-extra-padding&#8221; column_padding_tablet=&#8221;inherit&#8221; column_padding_phone=&#8221;inherit&#8221; column_padding_position=&#8221;all&#8221; column_element_spacing=&#8221;default&#8221; background_color_opacity=&#8221;1&#8243; background_hover_color_opacity=&#8221;1&#8243; column_shadow=&#8221;none&#8221; column_border_radius=&#8221;none&#8221; column_link_target=&#8221;_self&#8221; gradient_direction=&#8221;left_to_right&#8221; overlay_strength=&#8221;0.3&#8243; width=&#8221;1\/6&#8243; tablet_width_inherit=&#8221;default&#8221; animation_type=&#8221;default&#8221; bg_image_animation=&#8221;none&#8221; border_type=&#8221;simple&#8221; column_border_width=&#8221;none&#8221; column_border_style=&#8221;solid&#8221;][\/vc_column_inner][vc_column_inner column_padding=&#8221;no-extra-padding&#8221; column_padding_tablet=&#8221;inherit&#8221; column_padding_phone=&#8221;inherit&#8221; column_padding_position=&#8221;all&#8221; column_element_spacing=&#8221;default&#8221; background_color_opacity=&#8221;1&#8243; background_hover_color_opacity=&#8221;1&#8243; column_shadow=&#8221;none&#8221; column_border_radius=&#8221;none&#8221; column_link_target=&#8221;_self&#8221; gradient_direction=&#8221;left_to_right&#8221; overlay_strength=&#8221;0.3&#8243; width=&#8221;2\/3&#8243; tablet_width_inherit=&#8221;default&#8221; animation_type=&#8221;default&#8221; bg_image_animation=&#8221;none&#8221; border_type=&#8221;simple&#8221; column_border_width=&#8221;none&#8221; column_border_style=&#8221;solid&#8221;][vc_column_text el_class=&#8221;hr-heading&#8221; css=&#8221;.vc_custom_1709806564988{padding-top: 20px !important;}&#8221;]\n<h3 style=\"text-align: center;\">ZAMAWIAJ \u015aMIA\u0141O!<\/h3>\n<p style=\"text-align: center;\">Bilety wyprzedaj\u0105 si\u0119 szybko. W przypadku konieczno\u015bci odwo\u0142ania koncert\u00f3w &#8211; po prostu odsy\u0142amy Pa\u0144stwa wp\u0142aty. Zasady zwrot\u00f3w opisane s\u0105 w Regulaminie Koncert\u00f3w. W razie niemo\u017cno\u015bci przybycia bilety mo\u017cna odsprzeda\u0107 na naszej grupie na Facebooku, lub je\u015bli nie uda\u0142o Ci si\u0119 kupi\u0107- tam mo\u017cna je zdoby\u0107 przed koncertami:<br \/>\n<a href=\"https:\/\/www.facebook.com\/groups\/738698863294549\"><strong>Grupa Filharmonia dla dzieci Warszawa<\/strong><\/a><\/p>\n[\/vc_column_text][\/vc_column_inner][vc_column_inner column_padding=&#8221;no-extra-padding&#8221; column_padding_tablet=&#8221;inherit&#8221; column_padding_phone=&#8221;inherit&#8221; column_padding_position=&#8221;all&#8221; column_element_spacing=&#8221;default&#8221; background_color_opacity=&#8221;1&#8243; background_hover_color_opacity=&#8221;1&#8243; column_shadow=&#8221;none&#8221; column_border_radius=&#8221;none&#8221; column_link_target=&#8221;_self&#8221; gradient_direction=&#8221;left_to_right&#8221; overlay_strength=&#8221;0.3&#8243; width=&#8221;1\/6&#8243; tablet_width_inherit=&#8221;default&#8221; animation_type=&#8221;default&#8221; bg_image_animation=&#8221;none&#8221; border_type=&#8221;simple&#8221; column_border_width=&#8221;none&#8221; column_border_style=&#8221;solid&#8221;][\/vc_column_inner][\/vc_row_inner][vc_row_inner column_margin=&#8221;default&#8221; column_direction=&#8221;default&#8221; column_direction_tablet=&#8221;default&#8221; column_direction_phone=&#8221;default&#8221; text_align=&#8221;left&#8221; row_position=&#8221;default&#8221; row_position_tablet=&#8221;inherit&#8221; row_position_phone=&#8221;inherit&#8221; overflow=&#8221;visible&#8221; pointer_events=&#8221;all&#8221;][vc_column_inner column_padding=&#8221;no-extra-padding&#8221; column_padding_tablet=&#8221;inherit&#8221; column_padding_phone=&#8221;inherit&#8221; column_padding_position=&#8221;all&#8221; column_element_spacing=&#8221;default&#8221; background_color_opacity=&#8221;1&#8243; background_hover_color_opacity=&#8221;1&#8243; column_shadow=&#8221;none&#8221; column_border_radius=&#8221;none&#8221; column_link_target=&#8221;_self&#8221; gradient_direction=&#8221;left_to_right&#8221; overlay_strength=&#8221;0.3&#8243; width=&#8221;1\/6&#8243; tablet_width_inherit=&#8221;default&#8221; animation_type=&#8221;default&#8221; bg_image_animation=&#8221;none&#8221; border_type=&#8221;simple&#8221; column_border_width=&#8221;none&#8221; column_border_style=&#8221;solid&#8221;][\/vc_column_inner][vc_column_inner column_padding=&#8221;no-extra-padding&#8221; column_padding_tablet=&#8221;inherit&#8221; column_padding_phone=&#8221;inherit&#8221; column_padding_position=&#8221;all&#8221; column_element_spacing=&#8221;default&#8221; background_color_opacity=&#8221;1&#8243; background_hover_color_opacity=&#8221;1&#8243; column_shadow=&#8221;none&#8221; column_border_radius=&#8221;none&#8221; column_link_target=&#8221;_self&#8221; gradient_direction=&#8221;left_to_right&#8221; overlay_strength=&#8221;0.3&#8243; width=&#8221;2\/3&#8243; tablet_width_inherit=&#8221;default&#8221; animation_type=&#8221;default&#8221; bg_image_animation=&#8221;none&#8221; border_type=&#8221;simple&#8221; column_border_width=&#8221;none&#8221; column_border_style=&#8221;solid&#8221;][vc_column_text el_class=&#8221;hr-heading&#8221; css=&#8221;.vc_custom_1759666575071{padding-top: 20px !important;}&#8221;]\n<h3 style=\"text-align: center;\">\u00a0PA\u0141AC STASZICA\u00a0 &#8211; SALA KONCERTOWA<br \/>\nul.Nowy \u015awiat 72<\/h3>\n<p style=\"text-align: center;\">Od 4 lat zapraszamy Dzieci do pi\u0119knej SALI LUSTRZANEJ w Pa\u0142acu Staszica.<br \/>\nDo Pa\u0142acu wchodzimy za plecami pomnika Miko\u0142aja Kopernika. Na parterze znajd\u0105 Pa\u0144stwo szatni\u0119, toalety i wind\u0119, kt\u00f3ra doje\u017cd\u017ca do sali. Centralnie przed Pa\u0144stwem uka\u017c\u0105 si\u0119 okaza\u0142e pa\u0142acowe schody &#8211; zapraszamy na pierwsze pi\u0119tro. Tam znajd\u0105 Pa\u0144stwo SAL\u0118 KONCERTOW\u0104 , a przy niej Biuro Widza oraz toalety.<\/p>\n<p style=\"text-align: center;\">To z okien tej sali Bernardo Bellotto zwany Canaletto &#8211; malowa\u0142 Warszaw\u0119.Widok jest zachwycaj\u0105cy! \ud83d\ude42<\/p>\n<p style=\"text-align: center;\">Informujemy \u017ce miejsca nie s\u0105 numerowane.<br \/>\nZapraszamy!<\/p>\n[\/vc_column_text][\/vc_column_inner][vc_column_inner column_padding=&#8221;no-extra-padding&#8221; column_padding_tablet=&#8221;inherit&#8221; column_padding_phone=&#8221;inherit&#8221; column_padding_position=&#8221;all&#8221; column_element_spacing=&#8221;default&#8221; background_color_opacity=&#8221;1&#8243; background_hover_color_opacity=&#8221;1&#8243; column_shadow=&#8221;none&#8221; column_border_radius=&#8221;none&#8221; column_link_target=&#8221;_self&#8221; gradient_direction=&#8221;left_to_right&#8221; overlay_strength=&#8221;0.3&#8243; width=&#8221;1\/6&#8243; tablet_width_inherit=&#8221;default&#8221; animation_type=&#8221;default&#8221; bg_image_animation=&#8221;none&#8221; border_type=&#8221;simple&#8221; column_border_width=&#8221;none&#8221; column_border_style=&#8221;solid&#8221;][\/vc_column_inner][\/vc_row_inner][vc_row_inner column_margin=&#8221;default&#8221; column_direction=&#8221;default&#8221; column_direction_tablet=&#8221;default&#8221; column_direction_phone=&#8221;default&#8221; text_align=&#8221;left&#8221; row_position=&#8221;default&#8221; row_position_tablet=&#8221;inherit&#8221; row_position_phone=&#8221;inherit&#8221; overflow=&#8221;visible&#8221; pointer_events=&#8221;all&#8221;][vc_column_inner column_padding=&#8221;no-extra-padding&#8221; column_padding_tablet=&#8221;inherit&#8221; column_padding_phone=&#8221;inherit&#8221; column_padding_position=&#8221;all&#8221; column_element_spacing=&#8221;default&#8221; background_color_opacity=&#8221;1&#8243; background_hover_color_opacity=&#8221;1&#8243; column_shadow=&#8221;none&#8221; column_border_radius=&#8221;none&#8221; column_link_target=&#8221;_self&#8221; gradient_direction=&#8221;left_to_right&#8221; overlay_strength=&#8221;0.3&#8243; width=&#8221;1\/6&#8243; tablet_width_inherit=&#8221;default&#8221; animation_type=&#8221;default&#8221; bg_image_animation=&#8221;none&#8221; border_type=&#8221;simple&#8221; column_border_width=&#8221;none&#8221; column_border_style=&#8221;solid&#8221;][\/vc_column_inner][vc_column_inner column_padding=&#8221;no-extra-padding&#8221; column_padding_tablet=&#8221;inherit&#8221; column_padding_phone=&#8221;inherit&#8221; column_padding_position=&#8221;all&#8221; top_margin=&#8221;1&#8243; bottom_margin=&#8221;1&#8243; left_margin=&#8221;1&#8243; right_margin=&#8221;1&#8243; column_element_spacing=&#8221;default&#8221; background_color_opacity=&#8221;1&#8243; background_hover_color_opacity=&#8221;1&#8243; column_shadow=&#8221;none&#8221; column_border_radius=&#8221;none&#8221; column_link_target=&#8221;_self&#8221; advanced_gradient_angle=&#8221;0&#8243; gradient_direction=&#8221;left_to_right&#8221; overlay_strength=&#8221;0.3&#8243; width=&#8221;2\/3&#8243; tablet_width_inherit=&#8221;default&#8221; animation_type=&#8221;default&#8221; bg_image_animation=&#8221;none&#8221; border_type=&#8221;simple&#8221; column_border_width=&#8221;none&#8221; column_border_style=&#8221;solid&#8221; gradient_type=&#8221;default&#8221;][vc_gallery type=&#8221;image_grid&#8221; images=&#8221;8150,7181,7182,5533,8149,5531,4370,1845,8157&#8243; image_grid_loading=&#8221;default&#8221; layout=&#8221;4&#8243; item_spacing=&#8221;default&#8221; gallery_style=&#8221;7&#8243; load_in_animation=&#8221;none&#8221;][\/vc_column_inner][vc_column_inner column_padding=&#8221;no-extra-padding&#8221; column_padding_tablet=&#8221;inherit&#8221; column_padding_phone=&#8221;inherit&#8221; column_padding_position=&#8221;all&#8221; column_element_spacing=&#8221;default&#8221; background_color_opacity=&#8221;1&#8243; background_hover_color_opacity=&#8221;1&#8243; column_shadow=&#8221;none&#8221; column_border_radius=&#8221;none&#8221; column_link_target=&#8221;_self&#8221; gradient_direction=&#8221;left_to_right&#8221; overlay_strength=&#8221;0.3&#8243; width=&#8221;1\/6&#8243; tablet_width_inherit=&#8221;default&#8221; animation_type=&#8221;default&#8221; bg_image_animation=&#8221;none&#8221; border_type=&#8221;simple&#8221; column_border_width=&#8221;none&#8221; column_border_style=&#8221;solid&#8221;][\/vc_column_inner][\/vc_row_inner][vc_row_inner column_margin=&#8221;default&#8221; column_direction=&#8221;default&#8221; column_direction_tablet=&#8221;default&#8221; column_direction_phone=&#8221;default&#8221; text_align=&#8221;left&#8221; row_position=&#8221;default&#8221; row_position_tablet=&#8221;inherit&#8221; row_position_phone=&#8221;inherit&#8221; overflow=&#8221;visible&#8221; pointer_events=&#8221;all&#8221;][vc_column_inner column_padding=&#8221;no-extra-padding&#8221; column_padding_tablet=&#8221;inherit&#8221; column_padding_phone=&#8221;inherit&#8221; column_padding_position=&#8221;all&#8221; column_element_spacing=&#8221;default&#8221; background_color_opacity=&#8221;1&#8243; background_hover_color_opacity=&#8221;1&#8243; column_shadow=&#8221;none&#8221; column_border_radius=&#8221;none&#8221; column_link_target=&#8221;_self&#8221; gradient_direction=&#8221;left_to_right&#8221; overlay_strength=&#8221;0.3&#8243; width=&#8221;1\/6&#8243; tablet_width_inherit=&#8221;default&#8221; animation_type=&#8221;default&#8221; bg_image_animation=&#8221;none&#8221; border_type=&#8221;simple&#8221; column_border_width=&#8221;none&#8221; column_border_style=&#8221;solid&#8221;][\/vc_column_inner][vc_column_inner column_padding=&#8221;no-extra-padding&#8221; column_padding_tablet=&#8221;inherit&#8221; column_padding_phone=&#8221;inherit&#8221; column_padding_position=&#8221;all&#8221; column_element_spacing=&#8221;default&#8221; background_color_opacity=&#8221;1&#8243; background_hover_color_opacity=&#8221;1&#8243; column_shadow=&#8221;none&#8221; column_border_radius=&#8221;none&#8221; column_link_target=&#8221;_self&#8221; gradient_direction=&#8221;left_to_right&#8221; overlay_strength=&#8221;0.3&#8243; width=&#8221;2\/3&#8243; tablet_width_inherit=&#8221;default&#8221; animation_type=&#8221;default&#8221; bg_image_animation=&#8221;none&#8221; border_type=&#8221;simple&#8221; column_border_width=&#8221;none&#8221; column_border_style=&#8221;solid&#8221;][\/vc_column_inner][vc_column_inner column_padding=&#8221;no-extra-padding&#8221; column_padding_tablet=&#8221;inherit&#8221; column_padding_phone=&#8221;inherit&#8221; column_padding_position=&#8221;all&#8221; column_element_spacing=&#8221;default&#8221; background_color_opacity=&#8221;1&#8243; background_hover_color_opacity=&#8221;1&#8243; column_shadow=&#8221;none&#8221; column_border_radius=&#8221;none&#8221; column_link_target=&#8221;_self&#8221; gradient_direction=&#8221;left_to_right&#8221; overlay_strength=&#8221;0.3&#8243; width=&#8221;1\/6&#8243; tablet_width_inherit=&#8221;default&#8221; animation_type=&#8221;default&#8221; bg_image_animation=&#8221;none&#8221; border_type=&#8221;simple&#8221; column_border_width=&#8221;none&#8221; column_border_style=&#8221;solid&#8221;][\/vc_column_inner][\/vc_row_inner][\/vc_column][\/vc_row]\n","protected":false},"excerpt":{"rendered":"<p><strong>Magiczny nastr\u00f3j g\u00f3r i \u015bwi\u0105t<\/strong> stworzy wspania\u0142a kapela podhala\u0144skich g\u00f3rali\ud83c\udf84Pastora\u0142ki, kol\u0119dy, przepi\u0119kne stroje, niezwyk\u0142e \u015bpiewanie i niesamowite instrumenty, a w\u015br\u00f3d nich trombity, skrzypce, dudy, basy i g\u00f3ralskie piszcza\u0142ki i wszystko to na wyci\u0105gni\u0119cie r\u0105czek. A po koncercie spotkanie z g\u00f3ralami i ka\u017cdy mo\u017ce spr\u00f3bowa\u0107 zagra\u0107 sam\ud83d\ude0a To nasza tradycja od 7 lat.<br \/>\nDzi\u015b to ju\u017c w Warszawie wydarzenie kultowe &#8211; do\u0142\u0105czcie do nas!<\/p>\n","protected":false},"featured_media":17689,"template":"","meta":[],"product_brand":[],"product_cat":[30],"product_tag":[84,103,102,60,62,86,100,37,80,81,101,47,90,92,64,67,68,79,88,82,72,36,96,104,53,61,99,42,89,106,105,58,38,66,91,87,83,57,33,65,40,93,39],"class_list":{"0":"post-17691","1":"product","2":"type-product","3":"status-publish","4":"has-post-thumbnail","6":"product_cat-koncerty","7":"product_tag-4-pory-roku","8":"product_tag-anna-szarek-koncerty","9":"product_tag-anna-szraek","10":"product_tag-atrakcje","11":"product_tag-atrakcje-dla-dzieci-warszawa","12":"product_tag-bach","13":"product_tag-beethoven","14":"product_tag-dla-dzieci","15":"product_tag-drums","16":"product_tag-dzieci","17":"product_tag-edukacja","18":"product_tag-filharmonia-dla-dzieci","19":"product_tag-film","20":"product_tag-fortepian","21":"product_tag-gdzie-z-dzieckiem-warszawa","22":"product_tag-gitara","23":"product_tag-gorale","24":"product_tag-harfa","25":"product_tag-jazz","26":"product_tag-klasyczna","27":"product_tag-koledy","28":"product_tag-koncert","29":"product_tag-koncert-swiateczny","30":"product_tag-koncert-swiateczny-2025","31":"product_tag-koncerty-dla-dzieci","32":"product_tag-koncerty-dla-dzieci-warszawa","33":"product_tag-mozart","34":"product_tag-muzyka","35":"product_tag-muzyka-filmowa","36":"product_tag-palac-staszica","37":"product_tag-pastoralki","38":"product_tag-perkusja","39":"product_tag-rodzinne","40":"product_tag-saksofon","41":"product_tag-skrzypce","42":"product_tag-trabka","43":"product_tag-vivaldi","44":"product_tag-w-warszawie","45":"product_tag-warszawa","46":"product_tag-warszawa-atrakcje-dla-dzieci-ten-weekend","47":"product_tag-weekend-z-dzieckiem","48":"product_tag-wiolonczela","49":"product_tag-wydarzenia","51":"first","52":"outofstock","53":"shipping-taxable","54":"purchasable","55":"product-type-variable"},"_links":{"self":[{"href":"https:\/\/filharmoniadladzieci.pl\/sklep\/wp-json\/wp\/v2\/product\/17691","targetHints":{"allow":["GET"]}}],"collection":[{"href":"https:\/\/filharmoniadladzieci.pl\/sklep\/wp-json\/wp\/v2\/product"}],"about":[{"href":"https:\/\/filharmoniadladzieci.pl\/sklep\/wp-json\/wp\/v2\/types\/product"}],"wp:featuredmedia":[{"embeddable":true,"href":"https:\/\/filharmoniadladzieci.pl\/sklep\/wp-json\/wp\/v2\/media\/17689"}],"wp:attachment":[{"href":"https:\/\/filharmoniadladzieci.pl\/sklep\/wp-json\/wp\/v2\/media?parent=17691"}],"wp:term":[{"taxonomy":"product_brand","embeddable":true,"href":"https:\/\/filharmoniadladzieci.pl\/sklep\/wp-json\/wp\/v2\/product_brand?post=17691"},{"taxonomy":"product_cat","embeddable":true,"href":"https:\/\/filharmoniadladzieci.pl\/sklep\/wp-json\/wp\/v2\/product_cat?post=17691"},{"taxonomy":"product_tag","embeddable":true,"href":"https:\/\/filharmoniadladzieci.pl\/sklep\/wp-json\/wp\/v2\/product_tag?post=17691"}],"curies":[{"name":"wp","href":"https:\/\/api.w.org\/{rel}","templated":true}]}}